{"id":807,"date":"2024-08-01T12:01:47","date_gmt":"2024-08-01T12:01:47","guid":{"rendered":"https:\/\/menorcawatertaxi.com\/politique-de-confidentialite\/"},"modified":"2024-08-01T12:01:47","modified_gmt":"2024-08-01T12:01:47","slug":"politique-de-confidentialite","status":"publish","type":"page","link":"https:\/\/menorcawatertaxi.com\/fr\/politique-de-confidentialite\/","title":{"rendered":"Politique de confidentialit\u00e9"},"content":{"rendered":"\n[et_pb_section fb_built=\u00a0\u00bb1&Prime; _builder_version=\u00a0\u00bb4.27.0&Prime; _module_preset=\u00a0\u00bbdefault\u00a0\u00bb global_colors_info=\u00a0\u00bb{}\u00a0\u00bb theme_builder_area=\u00a0\u00bbpost_content\u00a0\u00bb][et_pb_row _builder_version=\u00a0\u00bb4.27.0&Prime; _module_preset=\u00a0\u00bbdefault\u00a0\u00bb global_colors_info=\u00a0\u00bb{}\u00a0\u00bb theme_builder_area=\u00a0\u00bbpost_content\u00a0\u00bb][et_pb_column type=\u00a0\u00bb4_4&Prime; _builder_version=\u00a0\u00bb4.27.0&Prime; _module_preset=\u00a0\u00bbdefault\u00a0\u00bb global_colors_info=\u00a0\u00bb{}\u00a0\u00bb theme_builder_area=\u00a0\u00bbpost_content\u00a0\u00bb][et_pb_text _builder_version=\u00a0\u00bb4.27.0&Prime; _module_preset=\u00a0\u00bbdefault\u00a0\u00bb header_font=\u00a0\u00bbDM Sans||||||||\u00a0\u00bb header_text_align=\u00a0\u00bbcenter\u00a0\u00bb header_font_size=\u00a0\u00bb36px\u00a0\u00bb hover_enabled=\u00a0\u00bb0&Prime; global_colors_info=\u00a0\u00bb{}\u00a0\u00bb theme_builder_area=\u00a0\u00bbpost_content\u00a0\u00bb sticky_enabled=\u00a0\u00bb0&Prime;]<h1>Politique de confidentialit\u00e9<\/h1>[\/et_pb_text][et_pb_text _builder_version=\u00a0\u00bb4.27.0&Prime; _module_preset=\u00a0\u00bbdefault\u00a0\u00bb text_font=\u00a0\u00bbDM Sans||||||||\u00a0\u00bb hover_enabled=\u00a0\u00bb0&Prime; global_colors_info=\u00a0\u00bb{}\u00a0\u00bb theme_builder_area=\u00a0\u00bbpost_content\u00a0\u00bb sticky_enabled=\u00a0\u00bb0&Prime;]<p>L&rsquo;objectif de cette politique est d&rsquo;informer les personnes concern\u00e9es des diff\u00e9rents traitements effectu\u00e9s par cette organisation \u00e0 travers le site web et qui affectent leurs donn\u00e9es personnelles conform\u00e9ment aux dispositions de la loi organique 3\/2018 du 5 d\u00e9cembre sur la protection des donn\u00e9es personnelles et la garantie des droits num\u00e9riques et du r\u00e8glement (UE) 2016\/679 du Parlement europ\u00e9en et du Conseil du 27 avril 2016.<\/p>\n<p>&nbsp;<\/p>\n<ol>\n<li><strong>Identification du contr\u00f4leur<\/strong><\/li>\n<\/ol>\n<p>Conform\u00e9ment \u00e0 la loi 34\/2002 sur les services de la soci\u00e9t\u00e9 de l&rsquo;information et le commerce \u00e9lectronique (LSSICE), nous vous informons que le propri\u00e9taire du domaine www.menorcawatertaxi.com correspond \u00e0 Menorca Mar Charter SL &#8211; CIF B87580833 dont le domicile fiscal est situ\u00e9 \u00e0 Moll Llevant 96, 0771 Mah\u00f3n et le si\u00e8ge social \u00e0 Gerifalte 122, 28232, Las Rozas (Madrid).<\/p>\n<p>Pour que l&rsquo;utilisateur du site Web puisse contacter www.menorcawatertaxi.com, il dispose de l&rsquo;adresse \u00e9lectronique suivante : info@menorcawatertaxi.com et du num\u00e9ro de t\u00e9l\u00e9phone 606501111.<\/p>\n<p>&nbsp;<\/p>\n<ol start=\"2\">\n<li><strong>Finalit\u00e9s du traitement de vos donn\u00e9es personnelles<\/strong><\/li>\n<\/ol>\n<p>LES UTILISATEURS\/NAVIGATEURS DU SITE WEB DE LA PARTIE RESPONSABLE. Nous traiterons vos donn\u00e9es personnelles fournies par l&rsquo;interm\u00e9diaire de nos formulaires web dans le but de : <\/p>\n<p>Pour traiter les demandes, les plaintes et les incidents transmis par l&rsquo;interm\u00e9diaire de nos canaux de contact incorpor\u00e9s dans le site web.<\/p>\n<p>Comprendre le comportement de l&rsquo;internaute sur le site web afin de d\u00e9tecter d&rsquo;\u00e9ventuelles attaques informatiques sur notre site web.<\/p>\n<p>Respecter les obligations l\u00e9gales qui nous sont directement applicables et qui r\u00e9gissent notre activit\u00e9.<\/p>\n<p>Prot\u00e9ger et exercer nos droits ou r\u00e9pondre \u00e0 des r\u00e9clamations de toute nature.<\/p>\n<p>Le cas \u00e9ch\u00e9ant, envoi de communications commerciales relatives aux biens ou services qui composent notre activit\u00e9, et\/ou de nouvelles ou bulletins li\u00e9s \u00e0 notre secteur.<\/p>\n<p>g\u00e9rer, administrer et superviser votre activit\u00e9 sur le blog\/forum incorpor\u00e9.<\/p>\n<p>&nbsp;<\/p>\n<ol start=\"3\">\n<li><strong>Base juridique du traitement<\/strong><\/li>\n<\/ol>\n<p>LES UTILISATEURS\/NAVIGATEURS SUR LE SITE WEB DE LA PARTIE RESPONSABLE.<\/p>\n<p>Dans le consentement que vous nous avez donn\u00e9, vous nous autorisez \u00e0 traiter vos donn\u00e9es aux fins indiqu\u00e9es. Le refus de fournir vos donn\u00e9es personnelles rendra impossible le traitement de vos donn\u00e9es aux fins susmentionn\u00e9es. <\/p>\n<p>Respecter les obligations l\u00e9gales qui s&rsquo;appliquent \u00e0 nous. Dans ce cas, la personne concern\u00e9e peut ne pas s&rsquo;opposer au traitement des donn\u00e9es \u00e0 caract\u00e8re personnel. <\/p>\n<p>Dans notre int\u00e9r\u00eat l\u00e9gitime \u00e0 prot\u00e9ger notre image, nos activit\u00e9s et notre r\u00e9putation en pr\u00e9venant les attaques sur notre site web. Dans ce cas, la personne concern\u00e9e ne peut pas s&rsquo;opposer au traitement des donn\u00e9es \u00e0 caract\u00e8re personnel, mais elle peut exercer, le cas \u00e9ch\u00e9ant, les droits reconnus dans la section huit de la pr\u00e9sente politique. <\/p>\n<p>&nbsp;<\/p>\n<ol start=\"4\">\n<li><strong>P\u00e9riodes ou crit\u00e8res de conservation des donn\u00e9es<\/strong><\/li>\n<\/ol>\n<p>Les donn\u00e9es personnelles fournies seront conserv\u00e9es pendant la dur\u00e9e n\u00e9cessaire \u00e0 la r\u00e9alisation des finalit\u00e9s pour lesquelles elles ont \u00e9t\u00e9 initialement collect\u00e9es. Une fois que les donn\u00e9es ne sont plus n\u00e9cessaires au traitement en question, elles seront d\u00fbment bloqu\u00e9es afin de les mettre, le cas \u00e9ch\u00e9ant, \u00e0 la disposition des administrations et organismes publics comp\u00e9tents, des juges et des tribunaux ou du minist\u00e8re public, pendant la p\u00e9riode de prescription des actions pouvant d\u00e9couler de la relation entretenue avec le client et\/ou des p\u00e9riodes de conservation l\u00e9galement \u00e9tablies. <\/p>\n<p>&nbsp;<\/p>\n<ol start=\"5\">\n<li><strong>D\u00e9cisions automatis\u00e9es et profilage<\/strong><\/li>\n<\/ol>\n<p>Le site web ne prend pas de d\u00e9cisions automatis\u00e9es et ne cr\u00e9e pas de profils.<\/p>\n<p>&nbsp;<\/p>\n<ol start=\"6\">\n<li><strong>Destinataires<\/strong><\/li>\n<\/ol>\n<p>Pendant la dur\u00e9e du traitement de vos donn\u00e9es personnelles, l&rsquo;organisation peut transf\u00e9rer vos donn\u00e9es aux destinataires suivants :<\/p>\n<p>\u2794 Juges et tribunaux.<\/p>\n<p>\u2794 Forces et corps de s\u00e9curit\u00e9 de l&rsquo;\u00c9tat.<\/p>\n<p>d&rsquo;autres autorit\u00e9s ou organismes publics comp\u00e9tents, lorsque le responsable du traitement est l\u00e9galement tenu de fournir les donn\u00e9es \u00e0 caract\u00e8re personnel.<\/p>\n<p>&nbsp;<\/p>\n<ol start=\"7\">\n<li><strong>Transferts internationaux de donn\u00e9es<\/strong><\/li>\n<\/ol>\n<p>L&rsquo;organisation n&rsquo;effectue aucun transfert international de donn\u00e9es.<\/p>\n<p>&nbsp;<\/p>\n<ol start=\"8\">\n<li><strong>Droits de l&rsquo;homme<\/strong><\/li>\n<\/ol>\n<p>Les personnes concern\u00e9es peuvent, \u00e0 tout moment et gratuitement, exercer leurs droits d&rsquo;acc\u00e8s, de rectification et d&rsquo;effacement, ainsi que demander la limitation du traitement de leurs donn\u00e9es \u00e0 caract\u00e8re personnel, s&rsquo;opposer au traitement, demander la portabilit\u00e9 de leurs donn\u00e9es \u00e0 caract\u00e8re personnel (lorsque cela est techniquement possible) ou retirer le consentement donn\u00e9, et le cas \u00e9ch\u00e9ant, ne pas faire l&rsquo;objet d&rsquo;une d\u00e9cision fond\u00e9e exclusivement sur un traitement automatis\u00e9, y compris le profilage.<\/p>\n<p>Pour ce faire, vous pouvez utiliser les formulaires fournis par l&rsquo;organisation ou envoyer une lettre \u00e0 l&rsquo;adresse postale ou \u00e9lectronique indiqu\u00e9e ci-dessus. Dans tous les cas, votre demande doit \u00eatre accompagn\u00e9e d&rsquo;une photocopie de votre carte d&rsquo;identit\u00e9 ou d&rsquo;un document \u00e9quivalent, afin de prouver votre identit\u00e9. <\/p>\n<p>Si vous estimez que vos droits concernant la protection de vos donn\u00e9es personnelles ont \u00e9t\u00e9 viol\u00e9s, en particulier si vous n&rsquo;avez pas obtenu satisfaction dans l&rsquo;exercice de vos droits, vous pouvez d\u00e9poser une plainte aupr\u00e8s de l&rsquo;autorit\u00e9 de contr\u00f4le de la protection des donn\u00e9es comp\u00e9tente (Agence espagnole de protection des donn\u00e9es), par le biais de son site web : www.agpd.es.<\/p>\n<p>Conform\u00e9ment aux dispositions de l&rsquo;article 21 de la loi 34\/2002 sur les services de la soci\u00e9t\u00e9 de l&rsquo;information et le commerce \u00e9lectronique, si vous ne souhaitez plus recevoir d&rsquo;informations sur nos services, vous pouvez vous d\u00e9sinscrire en envoyant un e-mail \u00e0 info@menorcawatertaxi.com avec pour objet \u00ab\u00a0UNSUBSCRIBE\u00a0\u00bb.<\/p>\n<p>&nbsp;<\/p>\n<ol start=\"9\">\n<li><strong>V\u00e9racit\u00e9 des donn\u00e9es<\/strong><\/li>\n<\/ol>\n<p>L&rsquo;int\u00e9ress\u00e9 garantit que les donn\u00e9es fournies sont vraies, exactes, compl\u00e8tes et \u00e0 jour ; il s&rsquo;engage \u00e0 informer de tout changement concernant les donn\u00e9es fournies, par le biais des canaux pr\u00e9vus \u00e0 cet effet et indiqu\u00e9s au point 1 de la pr\u00e9sente politique. Il est responsable de tout dommage ou pr\u00e9judice, direct ou indirect, qui pourrait r\u00e9sulter du non-respect de cette obligation. <\/p>\n<p>Dans le cas o\u00f9 l&rsquo;utilisateur fournit des donn\u00e9es de tiers, il d\u00e9clare avoir le consentement des int\u00e9ress\u00e9s et s&rsquo;engage \u00e0 leur fournir les informations contenues dans la pr\u00e9sente clause, en exon\u00e9rant l&rsquo;organisation de toute responsabilit\u00e9 d\u00e9coulant du non-respect de cette obligation.<\/p>\n<p>&nbsp;<\/p>\n<ol start=\"10\">\n<li><strong>M\u00e9dias sociaux<\/strong><\/li>\n<\/ol>\n<p>Les r\u00e9seaux sociaux font partie de la vie quotidienne de nombreux utilisateurs d&rsquo;Internet, et c&rsquo;est pour eux que l&rsquo;entit\u00e9 a cr\u00e9\u00e9 diff\u00e9rents profils dans certains d&rsquo;entre eux.<\/p>\n<p>Tous les utilisateurs qui visitent notre site web ont la possibilit\u00e9 de rejoindre nos r\u00e9seaux sociaux ou nos groupes.<\/p>\n<p>Cependant, vous devez garder \u00e0 l&rsquo;esprit que, \u00e0 moins que nous ne demandions directement vos donn\u00e9es (par exemple, par le biais d&rsquo;actions de marketing, de concours, de promotions ou de toute autre forme valide), vos donn\u00e9es appartiendront au r\u00e9seau social correspondant, et nous vous recommandons donc de lire attentivement ses conditions d&rsquo;utilisation et ses politiques de confidentialit\u00e9, ainsi que de vous assurer de configurer vos pr\u00e9f\u00e9rences en mati\u00e8re de traitement des donn\u00e9es.<\/p>\n<p>&nbsp;<\/p>\n<ol start=\"11\">\n<li><strong>Modifications\/mise \u00e0 jour<\/strong><\/li>\n<\/ol>\n<p>Cette politique de confidentialit\u00e9 peut \u00eatre modifi\u00e9e\/actualis\u00e9e en fonction des exigences l\u00e9gales \u00e9tablies ou dans le but d&rsquo;adapter ladite politique aux instructions \u00e9mises par l&rsquo;Agence espagnole de protection des donn\u00e9es ou aux changements apport\u00e9s \u00e0 notre site Web. C&rsquo;est pourquoi nous conseillons aux utilisateurs de consulter r\u00e9guli\u00e8rement notre politique de confidentialit\u00e9. <\/p>\n<p>Si vous avez des doutes sur cette politique, vous pouvez contacter Menorca Water Taxi \u00e0 l&rsquo;adresse \u00e9lectronique suivante : info@menorcawatertaxi.com.<\/p>[\/et_pb_text][\/et_pb_column][\/et_pb_row][\/et_pb_section]\n","protected":false},"excerpt":{"rendered":"<p>Politique de confidentialit\u00e9L&rsquo;objectif de cette politique est d&rsquo;informer les personnes concern\u00e9es des diff\u00e9rents traitements effectu\u00e9s par cette organisation \u00e0 travers le site web et qui affectent leurs donn\u00e9es personnelles conform\u00e9ment aux dispositions de la loi organique 3\/2018 du 5 d\u00e9cembre sur la protection des donn\u00e9es personnelles et la garantie des droits num\u00e9riques et du r\u00e8glement [&hellip;]<\/p>\n","protected":false},"author":1,"featured_media":0,"parent":0,"menu_order":0,"comment_status":"closed","ping_status":"closed","template":"","meta":{"_et_pb_use_builder":"on","_et_pb_old_content":"","_et_gb_content_width":"","footnotes":""},"class_list":["post-807","page","type-page","status-publish","hentry"],"yoast_head":"<!-- This site is optimized with the Yoast SEO plugin v27.4 - https:\/\/yoast.com\/product\/yoast-seo-wordpress\/ -->\n<title>Politique de confidentialit\u00e9 - Menorca Water Taxi<\/title>\n<meta name=\"description\" content=\"D\u00e9couvrez comment Menorca Water Taxi traite et prot\u00e8ge vos donn\u00e9es personnelles. Lisez notre politique de confidentialit\u00e9 pour obtenir des informations d\u00e9taill\u00e9es et actualis\u00e9es.\" \/>\n<meta name=\"robots\" content=\"index, follow, max-snippet:-1, max-image-preview:large, max-video-preview:-1\" \/>\n<link rel=\"canonical\" href=\"https:\/\/menorcawatertaxi.com\/fr\/politique-de-confidentialite\/\" \/>\n<meta property=\"og:locale\" content=\"fr_FR\" \/>\n<meta property=\"og:type\" content=\"article\" \/>\n<meta property=\"og:title\" content=\"Politique de confidentialit\u00e9 - Menorca Water Taxi\" \/>\n<meta property=\"og:description\" content=\"D\u00e9couvrez comment Menorca Water Taxi traite et prot\u00e8ge vos donn\u00e9es personnelles. Lisez notre politique de confidentialit\u00e9 pour obtenir des informations d\u00e9taill\u00e9es et actualis\u00e9es.\" \/>\n<meta property=\"og:url\" content=\"https:\/\/menorcawatertaxi.com\/fr\/politique-de-confidentialite\/\" \/>\n<meta property=\"og:site_name\" content=\"Menorca Water Taxi\" \/>\n<meta name=\"twitter:card\" content=\"summary_large_image\" \/>\n<meta name=\"twitter:label1\" content=\"Dur\u00e9e de lecture estim\u00e9e\" \/>\n\t<meta name=\"twitter:data1\" content=\"7 minutes\" \/>\n<script type=\"application\/ld+json\" class=\"yoast-schema-graph\">{\"@context\":\"https:\\\/\\\/schema.org\",\"@graph\":[{\"@type\":\"WebPage\",\"@id\":\"https:\\\/\\\/menorcawatertaxi.com\\\/fr\\\/politique-de-confidentialite\\\/\",\"url\":\"https:\\\/\\\/menorcawatertaxi.com\\\/fr\\\/politique-de-confidentialite\\\/\",\"name\":\"Politique de confidentialit\u00e9 - Menorca Water Taxi\",\"isPartOf\":{\"@id\":\"https:\\\/\\\/menorcawatertaxi.com\\\/#website\"},\"datePublished\":\"2024-08-01T12:01:47+00:00\",\"description\":\"D\u00e9couvrez comment Menorca Water Taxi traite et prot\u00e8ge vos donn\u00e9es personnelles. Lisez notre politique de confidentialit\u00e9 pour obtenir des informations d\u00e9taill\u00e9es et actualis\u00e9es.\",\"breadcrumb\":{\"@id\":\"https:\\\/\\\/menorcawatertaxi.com\\\/fr\\\/politique-de-confidentialite\\\/#breadcrumb\"},\"inLanguage\":\"fr-FR\",\"potentialAction\":[{\"@type\":\"ReadAction\",\"target\":[\"https:\\\/\\\/menorcawatertaxi.com\\\/fr\\\/politique-de-confidentialite\\\/\"]}]},{\"@type\":\"BreadcrumbList\",\"@id\":\"https:\\\/\\\/menorcawatertaxi.com\\\/fr\\\/politique-de-confidentialite\\\/#breadcrumb\",\"itemListElement\":[{\"@type\":\"ListItem\",\"position\":1,\"name\":\"Portada\",\"item\":\"https:\\\/\\\/menorcawatertaxi.com\\\/fr\\\/accueil\\\/\"},{\"@type\":\"ListItem\",\"position\":2,\"name\":\"Politique de confidentialit\u00e9\"}]},{\"@type\":\"WebSite\",\"@id\":\"https:\\\/\\\/menorcawatertaxi.com\\\/#website\",\"url\":\"https:\\\/\\\/menorcawatertaxi.com\\\/\",\"name\":\"Menorca Water Taxi\",\"description\":\"Servicio de trasnlado desde el puerto de Mahon\",\"potentialAction\":[{\"@type\":\"SearchAction\",\"target\":{\"@type\":\"EntryPoint\",\"urlTemplate\":\"https:\\\/\\\/menorcawatertaxi.com\\\/?s={search_term_string}\"},\"query-input\":{\"@type\":\"PropertyValueSpecification\",\"valueRequired\":true,\"valueName\":\"search_term_string\"}}],\"inLanguage\":\"fr-FR\"}]}<\/script>\n<!-- \/ Yoast SEO plugin. -->","yoast_head_json":{"title":"Politique de confidentialit\u00e9 - Menorca Water Taxi","description":"D\u00e9couvrez comment Menorca Water Taxi traite et prot\u00e8ge vos donn\u00e9es personnelles. Lisez notre politique de confidentialit\u00e9 pour obtenir des informations d\u00e9taill\u00e9es et actualis\u00e9es.","robots":{"index":"index","follow":"follow","max-snippet":"max-snippet:-1","max-image-preview":"max-image-preview:large","max-video-preview":"max-video-preview:-1"},"canonical":"https:\/\/menorcawatertaxi.com\/fr\/politique-de-confidentialite\/","og_locale":"fr_FR","og_type":"article","og_title":"Politique de confidentialit\u00e9 - Menorca Water Taxi","og_description":"D\u00e9couvrez comment Menorca Water Taxi traite et prot\u00e8ge vos donn\u00e9es personnelles. Lisez notre politique de confidentialit\u00e9 pour obtenir des informations d\u00e9taill\u00e9es et actualis\u00e9es.","og_url":"https:\/\/menorcawatertaxi.com\/fr\/politique-de-confidentialite\/","og_site_name":"Menorca Water Taxi","twitter_card":"summary_large_image","twitter_misc":{"Dur\u00e9e de lecture estim\u00e9e":"7 minutes"},"schema":{"@context":"https:\/\/schema.org","@graph":[{"@type":"WebPage","@id":"https:\/\/menorcawatertaxi.com\/fr\/politique-de-confidentialite\/","url":"https:\/\/menorcawatertaxi.com\/fr\/politique-de-confidentialite\/","name":"Politique de confidentialit\u00e9 - Menorca Water Taxi","isPartOf":{"@id":"https:\/\/menorcawatertaxi.com\/#website"},"datePublished":"2024-08-01T12:01:47+00:00","description":"D\u00e9couvrez comment Menorca Water Taxi traite et prot\u00e8ge vos donn\u00e9es personnelles. Lisez notre politique de confidentialit\u00e9 pour obtenir des informations d\u00e9taill\u00e9es et actualis\u00e9es.","breadcrumb":{"@id":"https:\/\/menorcawatertaxi.com\/fr\/politique-de-confidentialite\/#breadcrumb"},"inLanguage":"fr-FR","potentialAction":[{"@type":"ReadAction","target":["https:\/\/menorcawatertaxi.com\/fr\/politique-de-confidentialite\/"]}]},{"@type":"BreadcrumbList","@id":"https:\/\/menorcawatertaxi.com\/fr\/politique-de-confidentialite\/#breadcrumb","itemListElement":[{"@type":"ListItem","position":1,"name":"Portada","item":"https:\/\/menorcawatertaxi.com\/fr\/accueil\/"},{"@type":"ListItem","position":2,"name":"Politique de confidentialit\u00e9"}]},{"@type":"WebSite","@id":"https:\/\/menorcawatertaxi.com\/#website","url":"https:\/\/menorcawatertaxi.com\/","name":"Menorca Water Taxi","description":"Servicio de trasnlado desde el puerto de Mahon","potentialAction":[{"@type":"SearchAction","target":{"@type":"EntryPoint","urlTemplate":"https:\/\/menorcawatertaxi.com\/?s={search_term_string}"},"query-input":{"@type":"PropertyValueSpecification","valueRequired":true,"valueName":"search_term_string"}}],"inLanguage":"fr-FR"}]}},"_links":{"self":[{"href":"https:\/\/menorcawatertaxi.com\/fr\/wp-json\/wp\/v2\/pages\/807","targetHints":{"allow":["GET"]}}],"collection":[{"href":"https:\/\/menorcawatertaxi.com\/fr\/wp-json\/wp\/v2\/pages"}],"about":[{"href":"https:\/\/menorcawatertaxi.com\/fr\/wp-json\/wp\/v2\/types\/page"}],"author":[{"embeddable":true,"href":"https:\/\/menorcawatertaxi.com\/fr\/wp-json\/wp\/v2\/users\/1"}],"replies":[{"embeddable":true,"href":"https:\/\/menorcawatertaxi.com\/fr\/wp-json\/wp\/v2\/comments?post=807"}],"version-history":[{"count":0,"href":"https:\/\/menorcawatertaxi.com\/fr\/wp-json\/wp\/v2\/pages\/807\/revisions"}],"wp:attachment":[{"href":"https:\/\/menorcawatertaxi.com\/fr\/wp-json\/wp\/v2\/media?parent=807"}],"curies":[{"name":"wp","href":"https:\/\/api.w.org\/{rel}","templated":true}]}}